{"id":67,"date":"2018-06-25T12:56:46","date_gmt":"2018-06-25T10:56:46","guid":{"rendered":"https:\/\/lelargeroscoff.wordpress.com\/?page_id=67"},"modified":"2023-07-05T10:30:28","modified_gmt":"2023-07-05T08:30:28","slug":"ressources-locales","status":"publish","type":"page","link":"https:\/\/location-vacances-roscoff.fr\/?page_id=67","title":{"rendered":"ROSCOFF ET SA REGION"},"content":{"rendered":"\n<div class=\"wp-block-media-text alignwide\"><figure class=\"wp-block-media-text__media\"><img loading=\"lazy\" decoding=\"async\" width=\"150\" height=\"150\" src=\"http:\/\/location-vacances-roscoff.fr\/wp-content\/uploads\/2020\/02\/CHATEAU_TAUREAU-2_JULIA-150x150.jpg\" alt=\"\" class=\"wp-image-3167 size-full\"\/><\/figure><div class=\"wp-block-media-text__content\">\n<p class=\"has-medium-font-size\"><strong>Le Ch\u00e2teau du Taureau vu par Julia 7 ans. <\/strong><\/p>\n\n\n\n<p class=\"has-medium-font-size\"><em>Bravo l&rsquo;artiste<\/em>!<\/p>\n<\/div><\/div>\n\n\n<h3 style=\"text-align: left;\"><span style=\"color: #666699;\">CURIOSITES<\/span><span style=\"color: #666699;\"> A DECOUVRIR<\/span><\/h3>\n<p><span style=\"color: #666699;\">LISTE NON EXHAUSTIVE<\/span><\/p>\n<p><span style=\"color: #666699;\">Un incontournable, le <strong>Ch\u00e2teau du Taureau<\/strong>, fort du 15\u00e8me si\u00e8cle reconstruit par Vauban qui tr\u00f4ne sur son&nbsp; rocher au milieu de la baie de Morlaix. Un \u00ab\u00a0Fort Boyard\u00a0\u00bb mais plus ancien. Le fort a \u00e9t\u00e9 enti\u00e8rement restaur\u00e9 il y a quelques ann\u00e9es et des visites sont organis\u00e9es. D\u00e9parts de CARANTEC ou PLOUGASNOU : consulter le site officiel <a href=\"http:\/\/chateaudutaureau.bzh\">chateaudutaureau.bzh<\/a> &#8211; <\/span><strong>D\u00e9parts de ROSCOFF : s&rsquo;adresser \u00e0 <a href=\"http:\/\/Roscoff-tourisme.com\">l&rsquo;Office du Tourisme de ROSCOFF<\/a> qui a quelques cr\u00e9neaux de visite.<\/strong><span style=\"color: #666699;\"><br><\/span><\/p>\n<p><span style=\"color: #666699;\">&nbsp;<strong>Les \u00eeles au nombre de 3 :<\/strong><\/span><\/p>\n<ul>\n<li><span style=\"color: #666699;\"><strong>l&rsquo;Ile de Batz<\/strong> en face de Roscoff : 3 km\u00b2 de balade \u00e0 pied ou en v\u00e9lo (location) dans une nature sauvage et maritime. Tout renseignement sur : <a style=\"color: #666699;\" href=\"http:\/\/www.iledebatz.com\">http:\/\/www.iledebatz.com<\/a>. D\u00e9part en navette de Roscoff, travers\u00e9e \u00bc d&rsquo;heure.<\/span><\/li>\n<li><span style=\"color: #666699;\"><strong>L&rsquo;Ile Callot<\/strong> \u00e0 Carantec (17 km) <a style=\"color: #666699;\" href=\"http:\/\/www.finisteretourisme.com\/ile-callot\">(http:\/\/www.finisteretourisme.com\/ile-callot<\/a>), reli\u00e9e au continent par une route submersible entre la mi-mar\u00e9e et la mar\u00e9e basse <a style=\"color: #666699;\" href=\"http:\/\/maree.info\/72\/calendrier\">http:\/\/maree.info\/72\/calendrier<\/a>.<\/span><\/li>\n<li><span style=\"color: #666699;\"><strong>L&rsquo;Ile de Sieck<\/strong> \u00e0 Santec (7.5 km), petite \u00eele de 1 km de long sur 300m de large, tr\u00e8s sauvage dont on peut facilement faire le tour \u00e0 pied:&nbsp; <a style=\"color: #666699;\" href=\"http:\/\/www.plages.tv\/guide-touristique\/l-ile-de-sieck-l-ile-sauvage-au-large-de-santec-accessible-a-pied-212\">http:\/\/www.plages.tv\/guide-touristique\/l-ile-de-sieck-l-ile-sauvage-au-large-de-santec-accessible-a-pied-212<\/a>. L&rsquo;\u00eele est accessible \u00e0 pied entre la mar\u00e9e basse et la mi-mar\u00e9e <a style=\"color: #666699;\" href=\"http:\/\/maree.info\/72\/calendrier\">http:\/\/maree.info\/72\/calendrier<\/a>. L&rsquo;Ile de Sieck est situ\u00e9e \u00e0 c\u00f4t\u00e9 de la grande plage du Dossen, o\u00f9 se pratiquent surf, cerf-volant et char \u00e0 voile, et de la for\u00eat domaniale de Santec. Beau sujet pour une jolie balade \u00e0 v\u00e9lo (route depuis Roscoff totalement plate).<\/span><\/li>\n<\/ul>\n<p><span style=\"color: #666699;\"><strong>Les enclos paroissiaux<\/strong>, ensemble architectural religieux tr\u00e8s orn\u00e9, typiques du Finist\u00e8re Nord (un enclos est un ensemble ferm\u00e9 comportant une \u00e9glise avec sacristie, un ossuaire, un calvaire et un porche monumental&nbsp;<a style=\"color: #666699;\" href=\"http:\/\/www.finisteretourisme.com\/les-enclos-paroissiaux\">http:\/\/www.finisteretourisme.com\/les-enclos-paroissiaux<\/a><\/span><br><span style=\"color: #666699;\">Un des plus beaux, <a style=\"color: #666699;\" href=\"http:\/\/saint-thegonnec-loc-eguiner.bzh\/lenclos\/\">l&rsquo;enclos paroissial de Saint-Th\u00e9gonnec<\/a> (34 km).<\/span><\/p>\n<p><span style=\"color: #666699;\">Autre curiosit\u00e9, le <strong>Cairn de Barnenez<\/strong> (39km), tumulus (<a style=\"color: #666699;\" href=\"http:\/\/barnenez.monuments-nationaux.fr\">http:\/\/barnenez.monuments-nationaux.fr<\/a>).<\/span><\/p>\n<p><span style=\"color: #666699;\"><strong>Ne pas oublier!!<\/strong><\/span><br><span style=\"color: #666699;\"><strong>Roscoff<\/strong>, petite cit\u00e9 de caract\u00e8re (circuit p\u00e9destre dans le bourg avec des panneaux expliquant son histoire), son \u00e9glise Notre Dame de Croaz Batz (<a style=\"color: #666699;\" href=\"https:\/\/monumentum.fr\/eglise-notre-dame-croaz-batz-enclos-pa00090402.html\">http:\/\/www.infobretagne.com\/roscoff-eglise.htm<\/a>) et ses&nbsp;<a style=\"color: #666699;\" href=\"http:\/\/www.roscoff.fr\/-Maison-des-Johnnies-et-de-l-Oignon-.html\">savoureux et d\u00e9licieux oignons de Roscoff<\/a>.<\/span><\/p>\n<p><span style=\"color: #666699;\"><strong>Saint-Pol-de-L\u00e9on<\/strong> (5 Km) avec ses 4 monuments embl\u00e9matiques (Cath\u00e9drale Saint-Pol-Aur\u00e9lien, Chapelle de Kreisker, Maison Pr\u00e9bendale et Manoir de Keroulas) (<a style=\"color: #666699;\" href=\"https:\/\/www.saintpoldeleon.fr\/4-monuments-emblematiques-de-saint\">https:\/\/www.saintpoldeleon.fr\/4-monuments-emblematiques-de-saint<\/a>).<\/span><\/p>\n<p><img loading=\"lazy\" decoding=\"async\" class=\"wp-image-562  aligncenter\" src=\"http:\/\/location-vacances-roscoff.fr\/wp-content\/uploads\/2018\/07\/oignon-rose-roscoff-200x300.jpg\" alt=\"Merci \u00e0 H\u00e9l\u00e8ne\" width=\"162\" height=\"243\" srcset=\"https:\/\/location-vacances-roscoff.fr\/wp-content\/uploads\/2018\/07\/oignon-rose-roscoff-200x300.jpg 200w, https:\/\/location-vacances-roscoff.fr\/wp-content\/uploads\/2018\/07\/oignon-rose-roscoff.jpg 308w\" sizes=\"(max-width: 162px) 100vw, 162px\" \/><\/p>\n\n\n<p class=\"has-text-align-center\">Merci H\u00e9l\u00e8ne pour ce magnifique oignon rose de Roscoff<\/p>\n\n\n\n<div class=\"wp-block-group\"><div class=\"wp-block-group__inner-container is-layout-flow wp-block-group-is-layout-flow\"><\/div><\/div>\n\n\n\n<p><\/p>\n","protected":false},"excerpt":{"rendered":"<p>Le Ch\u00e2teau du Taureau vu par Julia 7 ans. Bravo l&rsquo;artiste! CURIOSITES A DECOUVRIR LISTE NON EXHAUSTIVE Un incontournable, le Ch\u00e2teau du Taureau, fort du 15\u00e8me si\u00e8cle reconstruit par Vauban qui tr\u00f4ne sur son&nbsp; rocher au milieu de la baie de Morlaix. Un \u00ab\u00a0Fort Boyard\u00a0\u00bb mais plus ancien. Le fort a \u00e9t\u00e9 enti\u00e8rement restaur\u00e9 il [&hellip;]<\/p>\n","protected":false},"author":2,"featured_media":0,"parent":0,"menu_order":4,"comment_status":"closed","ping_status":"closed","template":"","meta":{"footnotes":""},"_links":{"self":[{"href":"https:\/\/location-vacances-roscoff.fr\/index.php?rest_route=\/wp\/v2\/pages\/67"}],"collection":[{"href":"https:\/\/location-vacances-roscoff.fr\/index.php?rest_route=\/wp\/v2\/pages"}],"about":[{"href":"https:\/\/location-vacances-roscoff.fr\/index.php?rest_route=\/wp\/v2\/types\/page"}],"author":[{"embeddable":true,"href":"https:\/\/location-vacances-roscoff.fr\/index.php?rest_route=\/wp\/v2\/users\/2"}],"replies":[{"embeddable":true,"href":"https:\/\/location-vacances-roscoff.fr\/index.php?rest_route=%2Fwp%2Fv2%2Fcomments&post=67"}],"version-history":[{"count":55,"href":"https:\/\/location-vacances-roscoff.fr\/index.php?rest_route=\/wp\/v2\/pages\/67\/revisions"}],"predecessor-version":[{"id":3753,"href":"https:\/\/location-vacances-roscoff.fr\/index.php?rest_route=\/wp\/v2\/pages\/67\/revisions\/3753"}],"wp:attachment":[{"href":"https:\/\/location-vacances-roscoff.fr\/index.php?rest_route=%2Fwp%2Fv2%2Fmedia&parent=67"}],"curies":[{"name":"wp","href":"https:\/\/api.w.org\/{rel}","templated":true}]}}