{"id":41,"date":"2018-06-25T12:27:15","date_gmt":"2018-06-25T10:27:15","guid":{"rendered":"https:\/\/lelargeroscoff.wordpress.com\/?page_id=41"},"modified":"2018-10-31T15:59:37","modified_gmt":"2018-10-31T14:59:37","slug":"livre-dor","status":"publish","type":"page","link":"https:\/\/location-vacances-roscoff.fr\/?page_id=41","title":{"rendered":"LIVRE D&rsquo;OR"},"content":{"rendered":"<h1><span style=\"color: #666699;\">QUELQUES TEMOIGNAGES&#8230;<br \/>\n<\/span><\/h1>\n<h5><span style=\"color: #008000;\"><em>S\u00e9jour entre soleil et crachin Breton, mais heureux d\u2019\u00eatre dans un appartement tr\u00e8s propre et o\u00f9 rien ne manque, des propri\u00e9taires d\u2019une gentillesse in\u00e9gal\u00e9e que l\u2019on ne rencontre pas si souvent.<\/em><\/span><br \/>\n<span style=\"color: #008000;\"><em>Jacqueline et Marie Pierre<\/em><\/span><\/h5>\n<h5><span style=\"color: #ff6600;\"><em>L\u2019accueil impeccable, tr\u00e8s chaleureux.\u00a0M et Me Merlin savent mettre\u00a0\u00e0 l\u2019aise et ont rendu ce s\u00e9jour des plus agr\u00e9ables.<br \/>\nNous avons \u00e9t\u00e9 \u00e9tonn\u00e9s de la qualit\u00e9 des prestations offertes. La ville de Roscoff est un paradis sur terre.<br \/>\nMerci encore pour ce s\u00e9jour exquis.<br \/>\nSoraya<\/em><\/span><\/h5>\n<h5><span style=\"color: #333399;\"><em>Malgr\u00e9 la pluie nous sommes tristes de quitter ce bel endroit. 20\u00a0\/ 20 pour l\u2019appartement, bravo au sympathique \u00e9picier d\u2019excellent conseil et un grand merci aux sympathiques propri\u00e9taires<\/em><\/span><br \/>\n<span style=\"color: #333399;\"><em>Victor S. et sa maminou<\/em><\/span><\/h5>\n<h5><span style=\"color: #993300;\"><em>A l\u2019aube de cette nouvelle ann\u00e9e o\u00f9 tout peut arriver, avec ses changements in\u00e9vitables, il reste bien heureusement des choses immuables, telles que la beaut\u00e9 de la belle cit\u00e9 de Roscoff et des paysages alentours ; mais aussi l\u2019accueil, et la gentillesse de\u00a0M et Me Merlin.<\/em><\/span><br \/>\n<span style=\"color: #993300;\"><em>Dans leur appartement le cooconing\u00a0y est total, malgr\u00e9 les temp\u00eates de dehors ; n\u2019h\u00e9sitez pas\u00a0\u00e0 quitter, pour quelques jours ou mieux, quelques semaines, votre \u00ab\u00a0home sweet home\u00a0\u00bb\u00a0, car, ici, tout est fait pour la d\u00e9tente et le bien \u00eatre. Et le ravissement des yeux\u00a0? Partout o\u00f9 vous les prom\u00e8nerez dans le Finist\u00e8re Nord\u00a0! <\/em><\/span><br \/>\n<span style=\"color: #993300;\"><em>A bient\u00f4t <\/em><\/span><br \/>\n<span style=\"color: #993300;\"><em>Gilles et Julia<\/em><\/span><\/h5>\n<h5><span style=\"color: #666699;\"><em>Tr\u00e8s bon s\u00e9jour, d\u2019une Bretagne\u00a0\u00e0 l\u2019autre, nous ne regrettons pas notre choix, propri\u00e9taire accueillant et appart bien plac\u00e9,\u00a0\u00e0 refaire sans h\u00e9siter.<br \/>\nFamille R.<\/em><\/span><\/h5>\n<h5><span style=\"color: #008000;\"><em>Tr\u00e8s bon s\u00e9jour dans un appartement agr\u00e9able et confortable. Merci de votre accueil chaleureux, vos bonnes id\u00e9es et votre disponibilit\u00e9<br \/>\nV\u00e9ronique et\u00a0J Claude<\/em><\/span><\/h5>\n<h5><span style=\"color: #993366;\"><em>\u00a0Une semaine idyllique dans cet ailleurs paradisiaque qu\u2019est Roscoff, m\u00eame pour une Brestoise. Et que dire de la qualit\u00e9 de votre accueil et de votre appartement si agr\u00e9able.<br \/>\nEncore merci, nous reviendrons<br \/>\nCatherine<\/em><\/span><\/h5>\n<h5><span style=\"color: #666699;\"><em>Un vrai temps Roscovite, pluie, vent, soleil&#8230;&#8230; C\u2019\u00e9tait super bien\u00a0!<br \/>\nL\u2019appartement est vraiment bien \u00e9tudi\u00e9 pour vous apporter confort et r\u00e9confort. Tout \u00a0y est\u00a0!<br \/>\nA bient\u00f4t<br \/>\nSonia<\/em><\/span><\/h5>\n<p>&#8230;&#8230; Livre d&rsquo;or \u00e0 disposition sur place<\/p>\n<h5><\/h5>\n","protected":false},"excerpt":{"rendered":"<p>QUELQUES TEMOIGNAGES&#8230; S\u00e9jour entre soleil et crachin Breton, mais heureux d\u2019\u00eatre dans un appartement tr\u00e8s propre et o\u00f9 rien ne manque, des propri\u00e9taires d\u2019une gentillesse in\u00e9gal\u00e9e que l\u2019on ne rencontre pas si souvent. Jacqueline et Marie Pierre L\u2019accueil impeccable, tr\u00e8s chaleureux.\u00a0M et Me Merlin savent mettre\u00a0\u00e0 l\u2019aise et ont rendu ce s\u00e9jour des plus agr\u00e9ables. [&hellip;]<\/p>\n","protected":false},"author":2,"featured_media":0,"parent":0,"menu_order":5,"comment_status":"closed","ping_status":"closed","template":"","meta":{"footnotes":""},"_links":{"self":[{"href":"https:\/\/location-vacances-roscoff.fr\/index.php?rest_route=\/wp\/v2\/pages\/41"}],"collection":[{"href":"https:\/\/location-vacances-roscoff.fr\/index.php?rest_route=\/wp\/v2\/pages"}],"about":[{"href":"https:\/\/location-vacances-roscoff.fr\/index.php?rest_route=\/wp\/v2\/types\/page"}],"author":[{"embeddable":true,"href":"https:\/\/location-vacances-roscoff.fr\/index.php?rest_route=\/wp\/v2\/users\/2"}],"replies":[{"embeddable":true,"href":"https:\/\/location-vacances-roscoff.fr\/index.php?rest_route=%2Fwp%2Fv2%2Fcomments&post=41"}],"version-history":[{"count":4,"href":"https:\/\/location-vacances-roscoff.fr\/index.php?rest_route=\/wp\/v2\/pages\/41\/revisions"}],"predecessor-version":[{"id":3477,"href":"https:\/\/location-vacances-roscoff.fr\/index.php?rest_route=\/wp\/v2\/pages\/41\/revisions\/3477"}],"wp:attachment":[{"href":"https:\/\/location-vacances-roscoff.fr\/index.php?rest_route=%2Fwp%2Fv2%2Fmedia&parent=41"}],"curies":[{"name":"wp","href":"https:\/\/api.w.org\/{rel}","templated":true}]}}